{"id":390226,"date":"2009-04-17T19:31:54","date_gmt":"2009-04-17T17:31:54","guid":{"rendered":"https:\/\/johanneswatschinger.it\/?post_type=project&#038;p=390226"},"modified":"2024-07-30T13:55:17","modified_gmt":"2024-07-30T11:55:17","slug":"kindergarten-toblach","status":"publish","type":"project","link":"https:\/\/www.johanneswatschinger.it\/de\/project\/kindergarten-toblach\/","title":{"rendered":"Kindergarten Toblach"},"content":{"rendered":"<p>[et_pb_section fb_built=&#8221;1&#8243; fullwidth=&#8221;on&#8221; disabled_on=&#8221;off|off|off&#8221; _builder_version=&#8221;4.27.0&#8243; _module_preset=&#8221;default&#8221; locked=&#8221;off&#8221; global_colors_info=&#8221;{}&#8221;][et_pb_fullwidth_image alt=&#8221;Sanierung Haus Wassermann, Sexten (2018\u20132021, 2023): Hauptfassade St. Veit-Weg. Architekt Johannes Watschinger.&#8221; title_text=&#8221;Sanierung Haus Wassermann, Sexten (2018\u20132021, 2023): Hauptfassade St. Veit-Weg. Architekt Johannes Watschinger.&#8221; _builder_version=&#8221;4.27.0&#8243; _dynamic_attributes=&#8221;background_image&#8221; _module_preset=&#8221;default&#8221; background_image=&#8221;@ET-DC@eyJkeW5hbWljIjp0cnVlLCJjb250ZW50IjoicG9zdF9mZWF0dXJlZF9pbWFnZSIsInNldHRpbmdzIjp7fX0=@&#8221; parallax=&#8221;on&#8221; height=&#8221;100vh&#8221; global_colors_info=&#8221;{}&#8221;][\/et_pb_fullwidth_image][\/et_pb_section][et_pb_section fb_built=&#8221;1&#8243; fullwidth=&#8221;on&#8221; disabled_on=&#8221;on|on|on&#8221; _builder_version=&#8221;4.27.0&#8243; _module_preset=&#8221;default&#8221; custom_margin=&#8221;70px||||false|false&#8221; custom_padding=&#8221;|5%||5%|false|false&#8221; disabled=&#8221;on&#8221; global_colors_info=&#8221;{}&#8221;][et_pb_nextend_smart_slider_3_fullwidth slider=&#8221;20&#8243; _builder_version=&#8221;4.27.0&#8243; _module_preset=&#8221;default&#8221; global_colors_info=&#8221;{}&#8221; hover_enabled=&#8221;0&#8243; sticky_enabled=&#8221;0&#8243;][\/et_pb_nextend_smart_slider_3_fullwidth][\/et_pb_section][et_pb_section fb_built=&#8221;1&#8243; custom_padding_last_edited=&#8221;on|phone&#8221; admin_label=&#8221;Text&#8221; module_id=&#8221;v12&#8243; module_class=&#8221;olena_content_12&#8243; _builder_version=&#8221;4.25.1&#8243; _module_preset=&#8221;default&#8221; custom_padding=&#8221;100px||100px||false|false&#8221; custom_padding_tablet=&#8221;60px||60px||true|false&#8221; custom_padding_phone=&#8221;40px||40px||true|false&#8221; locked=&#8221;off&#8221; collapsed=&#8221;off&#8221; global_colors_info=&#8221;{%22gcid-8544a4e2-27b8-420a-83de-1cee04f2fb29%22:%91%22background_color%22%93}&#8221;][et_pb_row _builder_version=&#8221;4.25.1&#8243; _module_preset=&#8221;default&#8221; width=&#8221;90%&#8221; max_width=&#8221;1170px&#8221; global_colors_info=&#8221;{}&#8221;][et_pb_column type=&#8221;4_4&#8243; _builder_version=&#8221;4.25.1&#8243; _module_preset=&#8221;default&#8221; global_colors_info=&#8221;{}&#8221;][et_pb_text admin_label=&#8221;Category&#8221; _builder_version=&#8221;4.27.0&#8243; _dynamic_attributes=&#8221;content&#8221; _module_preset=&#8221;eed94127-192e-43af-bd2a-f039d9816086&#8243; global_colors_info=&#8221;{}&#8221;]@ET-DC@eyJkeW5hbWljIjp0cnVlLCJjb250ZW50IjoicG9zdF9jYXRlZ29yaWVzIiwic2V0dGluZ3MiOnsiYmVmb3JlIjoiIiwiYWZ0ZXIiOiIiLCJsaW5rX3RvX3Rlcm1fcGFnZSI6Im9mZiIsInNlcGFyYXRvciI6IiB8ICIsImNhdGVnb3J5X3R5cGUiOiJwcm9qZWN0X2NhdGVnb3J5In19@[\/et_pb_text][et_pb_heading title=&#8221;@ET-DC@eyJkeW5hbWljIjp0cnVlLCJjb250ZW50IjoicG9zdF90aXRsZSIsInNldHRpbmdzIjp7ImJlZm9yZSI6IiIsImFmdGVyIjoiIn19@&#8221; _builder_version=&#8221;4.25.1&#8243; _dynamic_attributes=&#8221;title&#8221; _module_preset=&#8221;67cfa00c-7bf9-4ae4-b944-294ee7cdeeb6&#8243; global_colors_info=&#8221;{}&#8221;][\/et_pb_heading][\/et_pb_column][\/et_pb_row][et_pb_row column_structure=&#8221;1_3,2_3&#8243; disabled_on=&#8221;off|off|off&#8221; _builder_version=&#8221;4.27.0&#8243; _module_preset=&#8221;737a2aaa-7e5c-4d5d-ba0d-f3cebd4e5188&#8243; locked=&#8221;off&#8221; global_colors_info=&#8221;{}&#8221;][et_pb_column type=&#8221;1_3&#8243; _builder_version=&#8221;4.25.1&#8243; _module_preset=&#8221;default&#8221; global_colors_info=&#8221;{}&#8221;][et_pb_text _builder_version=&#8221;4.27.0&#8243; _module_preset=&#8221;2fba5e8f-7208-4cd4-8b97-047276c7d686&#8243; hover_enabled=&#8221;0&#8243; locked=&#8221;off&#8221; global_colors_info=&#8221;{}&#8221; sticky_enabled=&#8221;0&#8243;]Standort: Toblach, Gebr.-Baur-Stra\u00dfe<br \/>\nBauherr: Gemeinde Toblach<br \/>\nBauzeit: 2008 \u2013 2009<br \/>\nBauvolumen: ca. 6.030 m\u00b3<br \/>\nEnergie: Klimahaus A<br \/>\nProjektant: Arch. Johannes Watschinger<br \/>\nFotos: \u00a9 Johannes Watschinger[\/et_pb_text][\/et_pb_column][et_pb_column type=&#8221;2_3&#8243; _builder_version=&#8221;4.25.1&#8243; _module_preset=&#8221;default&#8221; global_colors_info=&#8221;{}&#8221;][et_pb_nextend_smart_slider_3_fullwidth slider=&#8221;20&#8243; _builder_version=&#8221;4.27.0&#8243; _module_preset=&#8221;default&#8221; locked=&#8221;off&#8221; global_colors_info=&#8221;{}&#8221; hover_enabled=&#8221;0&#8243; sticky_enabled=&#8221;0&#8243;][\/et_pb_nextend_smart_slider_3_fullwidth][\/et_pb_column][\/et_pb_row][et_pb_row column_structure=&#8221;2_3,1_3&#8243; disabled_on=&#8221;off|off|off&#8221; _builder_version=&#8221;4.27.0&#8243; _module_preset=&#8221;737a2aaa-7e5c-4d5d-ba0d-f3cebd4e5188&#8243; locked=&#8221;off&#8221; global_colors_info=&#8221;{}&#8221;][et_pb_column type=&#8221;2_3&#8243; _builder_version=&#8221;4.25.1&#8243; _module_preset=&#8221;default&#8221; global_colors_info=&#8221;{}&#8221;][et_pb_text _builder_version=&#8221;4.27.0&#8243; _module_preset=&#8221;34568567-795e-4173-9055-a8c90cd008e4&#8243; hover_enabled=&#8221;0&#8243; global_colors_info=&#8221;{}&#8221; sticky_enabled=&#8221;0&#8243;]<\/p>\n<h2>Projektbeschreibung<\/h2>\n<p>Der neue Geb\u00e4udekomplex bestehend aus Kindergarten und Bibliothek steht auf einem Grundst\u00fcck, das von der Stra\u00dfe leicht nach S\u00fcden abf\u00e4llt. Aus dieser topografischen Gegebenheit sind die einzelnen Bereiche entwickelt. Der Kindergarten ist in einem zweigeschossigen, langgestreckten Bauk\u00f6rper untergebracht, dessen Hauptr\u00e4ume an der Gartenseite im S\u00fcden liegen. Die Bibliothek liegt in einem dreigeschossigen Geb\u00e4udeteil an der Stra\u00dfenseite im Norden. Durch diese Anordnung der Bauk\u00f6rper entsteht zwischen der bestehenden Turnhalle der Mittelschule und dem neuen Geb\u00e4udekomplex ein Vorplatz, von dem aus der Kindergarten und die Bibliothek erschlossen werden.<\/p>\n<p>Der neue Kindergarten umfasst f\u00fcnf Abteilungen, von denen eine als italienischsprachige Sektion gef\u00fchrt wird. Alle gro\u00dfz\u00fcgig verglasten Gruppenr\u00e4ume, die durch ein Galeriegeschoss erg\u00e4nzt werden, orientieren sich nach S\u00fcden \u2013 zum Garten \u2013 hin. Die Galerien sind von den Gruppenr\u00e4umen aus direkt zug\u00e4nglich und bieten verschiedene Bereiche f\u00fcr die Kinder. Eine zus\u00e4tzlich von oben belichtete Halle fungiert als zweigeschossiger, multifunktionaler, zentraler Verbindungsraum zwischen dem Eingang im Erdgeschoss und den Gruppenr\u00e4umen auf Gartenebene im Untergeschoss.<\/p>\n<p>Der Kindergartentrakt ist auf einer Stahlbeton-Bodenplatte vollst\u00e4ndig in Holzbauweise errichtet. Das neue Geb\u00e4ude ist in Niedrigenergie-Standard ausgef\u00fchrt und mit einer kontrollierten Be- und Entl\u00fcftung mit W\u00e4rmer\u00fcckgewinnung ausgestattet. Es ist an das lokale Fernw\u00e4rmenetz angeschlossen.[\/et_pb_text][\/et_pb_column][et_pb_column type=&#8221;1_3&#8243; _builder_version=&#8221;4.25.1&#8243; _module_preset=&#8221;default&#8221; global_colors_info=&#8221;{}&#8221;][\/et_pb_column][\/et_pb_row][et_pb_row column_structure=&#8221;1_3,2_3&#8243; disabled_on=&#8221;on|on|on&#8221; _builder_version=&#8221;4.27.0&#8243; _module_preset=&#8221;737a2aaa-7e5c-4d5d-ba0d-f3cebd4e5188&#8243; disabled=&#8221;on&#8221; global_colors_info=&#8221;{}&#8221;][et_pb_column type=&#8221;1_3&#8243; _builder_version=&#8221;4.25.1&#8243; _module_preset=&#8221;default&#8221; global_colors_info=&#8221;{}&#8221;][et_pb_text _builder_version=&#8221;4.25.1&#8243; _module_preset=&#8221;2fba5e8f-7208-4cd4-8b97-047276c7d686&#8243; hover_enabled=&#8221;0&#8243; locked=&#8221;off&#8221; global_colors_info=&#8221;{}&#8221; sticky_enabled=&#8221;0&#8243;]Standort: Toblach, Gebr.-Baur-Stra\u00dfe<br \/>\nBauherr: Gemeinde Toblach<br \/>\nBauzeit: 2008 \u2013 2009<br \/>\nBauvolumen: ca. 6.030 m\u00b3<br \/>\nEnergie: Klimahaus A<br \/>\nProjektant: Arch. Johannes Watschinger<br \/>\nFotos: \u00a9 Johannes Watschinger[\/et_pb_text][\/et_pb_column][et_pb_column type=&#8221;2_3&#8243; _builder_version=&#8221;4.25.1&#8243; _module_preset=&#8221;default&#8221; global_colors_info=&#8221;{}&#8221;][et_pb_text _builder_version=&#8221;4.27.0&#8243; _module_preset=&#8221;34568567-795e-4173-9055-a8c90cd008e4&#8243; hover_enabled=&#8221;0&#8243; global_colors_info=&#8221;{}&#8221; sticky_enabled=&#8221;0&#8243;]<\/p>\n<h2>Projektbeschreibung<\/h2>\n<p>Der neue Geb\u00e4udekomplex bestehend aus Kindergarten und Bibliothek steht auf einem Grundst\u00fcck, das von der Stra\u00dfe leicht nach S\u00fcden abf\u00e4llt. Aus dieser topografischen Gegebenheit sind die einzelnen Bereiche entwickelt. Der Kindergarten ist in einem zweigeschossigen, langgestreckten Bauk\u00f6rper untergebracht, dessen Hauptr\u00e4ume an der Gartenseite im S\u00fcden liegen. Die Bibliothek liegt in einem dreigeschossigen Geb\u00e4udeteil an der Stra\u00dfenseite im Norden. Durch diese Anordnung der Bauk\u00f6rper entsteht zwischen der bestehenden Turnhalle der Mittelschule und dem neuen Geb\u00e4udekomplex ein Vorplatz, von dem aus der Kindergarten und die Bibliothek erschlossen werden.<\/p>\n<p>Der neue Kindergarten umfasst f\u00fcnf Abteilungen, von denen eine als italienischsprachige Sektion gef\u00fchrt wird. Alle gro\u00dfz\u00fcgig verglasten Gruppenr\u00e4ume, die durch ein Galeriegeschoss erg\u00e4nzt werden, orientieren sich nach S\u00fcden \u2013 zum Garten \u2013 hin. Die Galerien sind von den Gruppenr\u00e4umen aus direkt zug\u00e4nglich und bieten verschiedene Bereiche f\u00fcr die Kinder. Eine zus\u00e4tzlich von oben belichtete Halle fungiert als zweigeschossiger, multifunktionaler, zentraler Verbindungsraum zwischen dem Eingang im Erdgeschoss und den Gruppenr\u00e4umen auf Gartenebene im Untergeschoss.<\/p>\n<p>Der Kindergartentrakt ist auf einer Stahlbeton-Bodenplatte vollst\u00e4ndig in Holzbauweise errichtet. Das neue Geb\u00e4ude ist in Niedrigenergie-Standard ausgef\u00fchrt und mit einer kontrollierten Be- und Entl\u00fcftung mit W\u00e4rmer\u00fcckgewinnung ausgestattet. Es ist an das lokale Fernw\u00e4rmenetz angeschlossen.[\/et_pb_text][\/et_pb_column][\/et_pb_row][et_pb_row column_structure=&#8221;1_3,2_3&#8243; _builder_version=&#8221;4.25.1&#8243; _module_preset=&#8221;default&#8221; width=&#8221;90%&#8221; max_width=&#8221;1170px&#8221; global_colors_info=&#8221;{}&#8221;][et_pb_column type=&#8221;1_3&#8243; _builder_version=&#8221;4.25.1&#8243; _module_preset=&#8221;default&#8221; global_colors_info=&#8221;{}&#8221;][et_pb_button button_url=&#8221;@ET-DC@eyJkeW5hbWljIjp0cnVlLCJjb250ZW50IjoicG9zdF9saW5rX3VybF9wYWdlIiwic2V0dGluZ3MiOnsicG9zdF9pZCI6IjM5MDY1NiJ9fQ==@&#8221; button_text=&#8221;Zur\u00fcck zur \u00dcbersicht&#8221; _builder_version=&#8221;4.25.1&#8243; _dynamic_attributes=&#8221;button_url&#8221; _module_preset=&#8221;99339e89-584a-47ff-ba39-d0ff6d2aaa7b&#8221; global_module=&#8221;987496581&#8243; saved_tabs=&#8221;all&#8221; global_colors_info=&#8221;{}&#8221;][\/et_pb_button][\/et_pb_column][et_pb_column type=&#8221;2_3&#8243; _builder_version=&#8221;4.25.1&#8243; _module_preset=&#8221;default&#8221; global_colors_info=&#8221;{}&#8221;][\/et_pb_column][\/et_pb_row][\/et_pb_section]<\/p>\n","protected":false},"excerpt":{"rendered":"<p>Standort: Toblach, Gebr.-Baur-Stra\u00dfe Bauherr: Gemeinde Toblach Bauzeit: 2008 \u2013 2009 Bauvolumen: ca. 6.030 m\u00b3 Energie: Klimahaus A Projektant: Arch. Johannes Watschinger Fotos: \u00a9 Johannes WatschingerProjektbeschreibung Der neue Geb\u00e4udekomplex bestehend aus Kindergarten und Bibliothek steht auf einem Grundst\u00fcck, das von der Stra\u00dfe leicht nach S\u00fcden abf\u00e4llt. Aus dieser topografischen Gegebenheit sind die einzelnen Bereiche entwickelt. Der [&hellip;]<\/p>\n","protected":false},"author":2,"featured_media":987496457,"comment_status":"open","ping_status":"closed","template":"","meta":{"_et_pb_use_builder":"on","_et_pb_old_content":"","_et_gb_content_width":"","rank_math_lock_modified_date":false,"footnotes":""},"project_category":[26,28],"project_tag":[],"class_list":["post-390226","project","type-project","status-publish","has-post-thumbnail","hentry","project_category-neubau","project_category-oeffentlich"],"acf":[],"_links":{"self":[{"href":"https:\/\/www.johanneswatschinger.it\/de\/wp-json\/wp\/v2\/project\/390226"}],"collection":[{"href":"https:\/\/www.johanneswatschinger.it\/de\/wp-json\/wp\/v2\/project"}],"about":[{"href":"https:\/\/www.johanneswatschinger.it\/de\/wp-json\/wp\/v2\/types\/project"}],"author":[{"embeddable":true,"href":"https:\/\/www.johanneswatschinger.it\/de\/wp-json\/wp\/v2\/users\/2"}],"replies":[{"embeddable":true,"href":"https:\/\/www.johanneswatschinger.it\/de\/wp-json\/wp\/v2\/comments?post=390226"}],"version-history":[{"count":9,"href":"https:\/\/www.johanneswatschinger.it\/de\/wp-json\/wp\/v2\/project\/390226\/revisions"}],"predecessor-version":[{"id":987498617,"href":"https:\/\/www.johanneswatschinger.it\/de\/wp-json\/wp\/v2\/project\/390226\/revisions\/987498617"}],"wp:featuredmedia":[{"embeddable":true,"href":"https:\/\/www.johanneswatschinger.it\/de\/wp-json\/wp\/v2\/media\/987496457"}],"wp:attachment":[{"href":"https:\/\/www.johanneswatschinger.it\/de\/wp-json\/wp\/v2\/media?parent=390226"}],"wp:term":[{"taxonomy":"project_category","embeddable":true,"href":"https:\/\/www.johanneswatschinger.it\/de\/wp-json\/wp\/v2\/project_category?post=390226"},{"taxonomy":"project_tag","embeddable":true,"href":"https:\/\/www.johanneswatschinger.it\/de\/wp-json\/wp\/v2\/project_tag?post=390226"}],"curies":[{"name":"wp","href":"https:\/\/api.w.org\/{rel}","templated":true}]}}